{"id":34,"date":"2024-12-09T15:18:58","date_gmt":"2024-12-09T18:18:58","guid":{"rendered":"https:\/\/hanier.markcom.dev.br\/?page_id=34"},"modified":"2025-02-17T15:11:09","modified_gmt":"2025-02-17T18:11:09","slug":"meio-ambiente","status":"publish","type":"page","link":"https:\/\/hanier.markcom.dev.br\/es\/meio-ambiente\/","title":{"rendered":"Meio Ambiente"},"content":{"rendered":"<h2 class=\"wp-block-heading\">Meio Ambiente<\/h2>\n\n\n\n<ul class=\"wp-block-list\">\n<li><strong>Productos ecol\u00f3gicos<\/strong>\n<ul class=\"wp-block-list\">\n<li>A preserva\u00e7\u00e3o da natureza \u00e9 um dos seus maiores compromissos.<\/li>\n\n\n\n<li>Atrav\u00e9s de procedimentos padr\u00f5es de gest\u00e3o ambiental, utilizam tecnologia adequada para a fabrica\u00e7\u00e3o de produtos ecologicamente corretos.<\/li>\n\n\n\n<li>Em conformidade com a sua pol\u00edtica ambiental, preservam e aumentam a \u00e1rea de APP, hoje com aproximadamente 20.000 m\u00b2, ao redor da planta industrial.<\/li>\n<\/ul>\n<\/li>\n<\/ul>\n\n\n\n<h2 class=\"wp-block-heading\">Buenas pr\u00e1cticas ambientales<\/h2>\n\n\n\n<p>Nos esforzamos por alcanzar objetivos ambientales y estamos comprometidos con actividades de conservaci\u00f3n del medio ambiente, promoviendo la conciencia de los empleados y la implementaci\u00f3n de buenas pr\u00e1cticas ambientales.<\/p>\n\n\n\n<h2 class=\"wp-block-heading\">El medio ambiente te lo agradece<\/h2>\n\n\n\n<p>100% dos res\u00edduos gerados pela empresa s\u00e3o encaminhados para destinat\u00e1rios capazes e habilitados para exercer suas atividades de tratamento, reciclagem e disposi\u00e7\u00e3o. Disponibilizamos aos clientes produtos ecologicamente corretos.<\/p>\n\n\n\n<h2 class=\"wp-block-heading\">Colecci\u00f3n selectiva para un mundo mejor<\/h2>\n\n\n\n<p>Promovemos a\u00e7\u00f5es de est\u00edmulo \u00e0 coleta seletiva, realizamos palestras de sensibiliza\u00e7\u00e3o e disponibilizamos lixeiras espec\u00edficas para a correta separa\u00e7\u00e3o e destina\u00e7\u00e3o dos res\u00edduos.<\/p>\n\n\n\n<h2 class=\"wp-block-heading\">Brigada de Emerg\u00eancia<\/h2>\n\n\n\n<ul class=\"wp-block-list\">\n<li>Disponibilizamos as condi\u00e7\u00f5es necess\u00e1rias para a capacita\u00e7\u00e3o e treinamentos normativos.<\/li>\n\n\n\n<li>O objetivo \u00e9 garantir a seguran\u00e7a de todos os envolvidos, bem como a atualiza\u00e7\u00e3o da Brigada de Emerg\u00eancia, para atuar na preven\u00e7\u00e3o e combate ao inc\u00eandio, abandono de \u00e1rea, primeiros socorros e vazamento de produtos qu\u00edmicos.<\/li>\n\n\n\n<li>Visa proteger a vida, o patrim\u00f4nio e o meio ambiente.<\/li>\n<\/ul>\n\n\n\n<h2 class=\"wp-block-heading\">Atitudes Sustent\u00e1veis<\/h2>\n\n\n\n<ul class=\"wp-block-list\">\n<li>Manuten\u00e7\u00f5es preventivas s\u00e3o realizadas nos equipamentos utilizados visando evitar vazamento, rupturas e derramamentos de produtos.<\/li>\n\n\n\n<li>Para reduzir o consumo de energia el\u00e9trica, foram instalados sensores de presen\u00e7a em alguns ambientes.<\/li>\n\n\n\n<li>Realizamos projetos de aumento da efici\u00eancia energ\u00e9tica nos equipamentos e contamos com sistema de aquecimento solar.<\/li>\n<\/ul>\n\n\n\n<h2 class=\"wp-block-heading\">Boas Pr\u00e1ticas de Trabalho<\/h2>\n\n\n\n<ul class=\"wp-block-list\">\n<li>Realizamos sinergias com os fornecedores e clientes para buscar as oportunidades de redu\u00e7\u00e3o de insumos como \u00e1gua, vapor, embalagem, res\u00edduos etc.<\/li>\n\n\n\n<li>Garantimos organiza\u00e7\u00e3o, limpeza, armazenagem, documenta\u00e7\u00e3o, procedimentos adequados aos materiais manipulados dentro da empresa.<\/li>\n\n\n\n<li>Oferecemos ao mercado produtos biodegrad\u00e1veis e ecologicamente corretos.<\/li>\n\n\n\n<li>Mantemos o PCP organizado buscando reduzir o consumo de energia e a quantidade de res\u00edduos s\u00f3lidos e l\u00edquidos gerados pelos processos de industrializa\u00e7\u00e3o, contribuindo com melhor qualidade de vida \u00e0s futuras gera\u00e7\u00f5es.<\/li>\n<\/ul>\n\n\n\n<h2 class=\"wp-block-heading\">\u00c1gua &#8211; Essencial para a vida<\/h2>\n\n\n\n<ul class=\"wp-block-list\">\n<li>Pensando no bem-estar dos funcion\u00e1rios e das futuras gera\u00e7\u00f5es, nos preocupamos com o consumo sustent\u00e1vel da \u00e1gua e realizamos palestras de conscientiza\u00e7\u00e3o sobre a correta utiliza\u00e7\u00e3o deste bem t\u00e3o precioso.<\/li>\n\n\n\n<li>Al\u00e9m disso, dispomos de torneiras com fechamento autom\u00e1tico para controle e redu\u00e7\u00e3o de consumo.<\/li>\n\n\n\n<li>Captamos a \u00e1gua da chuva proveniente dos telhados dos pr\u00e9dios para alimenta\u00e7\u00e3o dos lagos.<\/li>\n<\/ul>\n\n\n\n<h2 class=\"wp-block-heading\">Jard\u00edn Bot\u00e1nico Plantarum<\/h2>\n\n\n\n<ul class=\"wp-block-list\">\n<li>Em 2021, nos tornamos um &#8220;Empresa Amiga Plantarum&#8221;, apoiadora de uma causa socioambiental, que sabe harmonizar interesses financeiros nos neg\u00f3cios, produzindo riquezas aliadas ao bem-estar das pessoas, ao respeito pela natureza e \u00e0 preserva\u00e7\u00e3o dos bens naturais existentes no mundo.<\/li>\n\n\n\n<li>Pequenas a\u00e7\u00f5es mudam o mundo e juntos vamos transformar o modelo econ\u00f3mico e caminhar na dire\u00e7\u00e3o de um planeta economicamente sustent\u00e1vel e igualit\u00e1rio, com apoio a pesquisas bot\u00e1nicas de qualidade, educa\u00e7\u00e3o ambiental e conserva\u00e7\u00e3o da flora brasileira.<\/li>\n<\/ul>\n\n\n\n<h2 class=\"wp-block-heading\">HIGG &#8211; FEM<\/h2>\n\n\n\n<ul class=\"wp-block-list\">\n<li>Temos em nosso DNA o pilar da sustentabilidade e somos uma empresa comprometida em promover o desenvolvimento sustent\u00e1vel, protegendo o meio ambiente atrav\u00e9s da preven\u00e7\u00e3o da polui\u00e7\u00e3o, administrando os impactos ambientais.<\/li>\n\n\n\n<li>Para medir, avaliar o desempenho ambiental e reduzir riscos, adotamos a sistem\u00e1tica de autoavalia\u00e7\u00e3o, utilizando a ferramenta HIGG-FEM, que possibilita a identifica\u00e7\u00e3o dos pontos fortes e de \u00e1reas suscet\u00edveis de melhoria voltada \u00e0 sustentabilidade.<\/li>\n<\/ul>\n\n\n\n<h2 class=\"wp-block-heading\"><strong>Responsabilidade Social<\/strong><\/h2>\n\n\n\n<p>Impulsamos acciones sociales con diversas entidades asistenciales, a trav\u00e9s de aportes de materiales esenciales para la asistencia humanitaria, as\u00ed como acciones voluntarias, con el compromiso de nuestros empleados, brindando alegr\u00eda y bienestar a las personas apoyadas y a los propios voluntarios.<\/p>\n\n\n\n<ul class=\"wp-block-list\">\n<li><strong>Comunidad geri\u00e1trica de Nova Odessa<\/strong><\/li>\n\n\n\n<li><strong>Asociaci\u00f3n Amigos de Casulo<\/strong><\/li>\n\n\n\n<li><strong>APAE de Nova Odessa<\/strong><\/li>\n\n\n\n<li><strong>ABRINQ-Asociaci\u00f3n Brasile\u00f1a de Fabricantes de Juguetes<\/strong><\/li>\n\n\n\n<li><strong>SEAME- Associa\u00e7\u00e3o dos Volunt\u00e1rios de Sa\u00fade<\/strong><\/li>\n\n\n\n<li><strong>CASA MAIS- Movimento Assistencial de Integra\u00e7\u00e3o Social<\/strong><\/li>\n\n\n\n<li><strong>Centro Comunitario de Ancianos ACONCHEGO<\/strong><\/li>\n\n\n\n<li><strong>Asociaci\u00f3n de Asistencia Filantr\u00f3pica S\u00e3o Francisco de Assis<\/strong><\/li>\n\n\n\n<li><strong>Asociaci\u00f3n de la Iglesia Presbiteriana Cristiana Evang\u00e9lica HAPPY AGE<\/strong><\/li>\n\n\n\n<li><strong>Hospital BOLDRINI<\/strong><\/li>\n<\/ul>","protected":false},"excerpt":{"rendered":"<p>Meio Ambiente Boas pr\u00e1ticas ambientais Nos empenhamos em atingir as metas ambientais e estamos comprometidos com as atividades de conserva\u00e7\u00e3o ambiental, promovendo a conscientiza\u00e7\u00e3o dos funcion\u00e1rios e a realiza\u00e7\u00e3o de boas pr\u00e1ticas ambientais. O meio ambiente agradece 100% dos res\u00edduos gerados pela empresa s\u00e3o encaminhados para destinat\u00e1rios capazes e habilitados para exercer suas atividades de [&hellip;]<\/p>","protected":false},"author":1,"featured_media":418,"parent":0,"menu_order":8,"comment_status":"closed","ping_status":"closed","template":"","meta":{"_acf_changed":false,"inline_featured_image":false,"footnotes":""},"class_list":["post-34","page","type-page","status-publish","has-post-thumbnail","hentry"],"acf":[],"yoast_head":"<!-- This site is optimized with the Yoast SEO plugin v27.5 - https:\/\/yoast.com\/product\/yoast-seo-wordpress\/ -->\n<title>Meio Ambiente - Hanier<\/title>\n<meta name=\"robots\" content=\"index, follow, max-snippet:-1, max-image-preview:large, max-video-preview:-1\" \/>\n<link rel=\"canonical\" href=\"https:\/\/hanier.markcom.dev.br\/es\/meio-ambiente\/\" \/>\n<meta property=\"og:locale\" content=\"es_ES\" \/>\n<meta property=\"og:type\" content=\"article\" \/>\n<meta property=\"og:title\" content=\"Meio Ambiente - Hanier\" \/>\n<meta property=\"og:description\" content=\"Meio Ambiente Boas pr\u00e1ticas ambientais Nos empenhamos em atingir as metas ambientais e estamos comprometidos com as atividades de conserva\u00e7\u00e3o ambiental, promovendo a conscientiza\u00e7\u00e3o dos funcion\u00e1rios e a realiza\u00e7\u00e3o de boas pr\u00e1ticas ambientais. O meio ambiente agradece 100% dos res\u00edduos gerados pela empresa s\u00e3o encaminhados para destinat\u00e1rios capazes e habilitados para exercer suas atividades de [&hellip;]\" \/>\n<meta property=\"og:url\" content=\"https:\/\/hanier.markcom.dev.br\/es\/meio-ambiente\/\" \/>\n<meta property=\"og:site_name\" content=\"Hanier\" \/>\n<meta property=\"article:modified_time\" content=\"2025-02-17T18:11:09+00:00\" \/>\n<meta property=\"og:image\" content=\"https:\/\/hanier.markcom.dev.br\/wp-content\/uploads\/2024\/12\/Grupo-22-1024x390.png\" \/>\n\t<meta property=\"og:image:width\" content=\"1024\" \/>\n\t<meta property=\"og:image:height\" content=\"390\" \/>\n\t<meta property=\"og:image:type\" content=\"image\/png\" \/>\n<meta name=\"twitter:card\" content=\"summary_large_image\" \/>\n<meta name=\"twitter:label1\" content=\"Tiempo de lectura\" \/>\n\t<meta name=\"twitter:data1\" content=\"4 minutes\" \/>\n<script type=\"application\/ld+json\" class=\"yoast-schema-graph\">{\"@context\":\"https:\\\/\\\/schema.org\",\"@graph\":[{\"@type\":\"WebPage\",\"@id\":\"https:\\\/\\\/hanier.markcom.dev.br\\\/meio-ambiente\\\/\",\"url\":\"https:\\\/\\\/hanier.markcom.dev.br\\\/meio-ambiente\\\/\",\"name\":\"Meio Ambiente - Hanier\",\"isPartOf\":{\"@id\":\"https:\\\/\\\/hanier.markcom.dev.br\\\/#website\"},\"primaryImageOfPage\":{\"@id\":\"https:\\\/\\\/hanier.markcom.dev.br\\\/meio-ambiente\\\/#primaryimage\"},\"image\":{\"@id\":\"https:\\\/\\\/hanier.markcom.dev.br\\\/meio-ambiente\\\/#primaryimage\"},\"thumbnailUrl\":\"https:\\\/\\\/hanier.markcom.dev.br\\\/wp-content\\\/uploads\\\/2024\\\/12\\\/Grupo-22.png\",\"datePublished\":\"2024-12-09T18:18:58+00:00\",\"dateModified\":\"2025-02-17T18:11:09+00:00\",\"breadcrumb\":{\"@id\":\"https:\\\/\\\/hanier.markcom.dev.br\\\/meio-ambiente\\\/#breadcrumb\"},\"inLanguage\":\"es-ES\",\"potentialAction\":[{\"@type\":\"ReadAction\",\"target\":[\"https:\\\/\\\/hanier.markcom.dev.br\\\/meio-ambiente\\\/\"]}]},{\"@type\":\"ImageObject\",\"inLanguage\":\"es-ES\",\"@id\":\"https:\\\/\\\/hanier.markcom.dev.br\\\/meio-ambiente\\\/#primaryimage\",\"url\":\"https:\\\/\\\/hanier.markcom.dev.br\\\/wp-content\\\/uploads\\\/2024\\\/12\\\/Grupo-22.png\",\"contentUrl\":\"https:\\\/\\\/hanier.markcom.dev.br\\\/wp-content\\\/uploads\\\/2024\\\/12\\\/Grupo-22.png\",\"width\":1920,\"height\":732},{\"@type\":\"BreadcrumbList\",\"@id\":\"https:\\\/\\\/hanier.markcom.dev.br\\\/meio-ambiente\\\/#breadcrumb\",\"itemListElement\":[{\"@type\":\"ListItem\",\"position\":1,\"name\":\"In\u00edcio\",\"item\":\"https:\\\/\\\/hanier.markcom.dev.br\\\/\"},{\"@type\":\"ListItem\",\"position\":2,\"name\":\"Meio Ambiente\"}]},{\"@type\":\"WebSite\",\"@id\":\"https:\\\/\\\/hanier.markcom.dev.br\\\/#website\",\"url\":\"https:\\\/\\\/hanier.markcom.dev.br\\\/\",\"name\":\"Hanier\",\"description\":\"\",\"publisher\":{\"@id\":\"https:\\\/\\\/hanier.markcom.dev.br\\\/#organization\"},\"potentialAction\":[{\"@type\":\"SearchAction\",\"target\":{\"@type\":\"EntryPoint\",\"urlTemplate\":\"https:\\\/\\\/hanier.markcom.dev.br\\\/?s={search_term_string}\"},\"query-input\":{\"@type\":\"PropertyValueSpecification\",\"valueRequired\":true,\"valueName\":\"search_term_string\"}}],\"inLanguage\":\"es-ES\"},{\"@type\":\"Organization\",\"@id\":\"https:\\\/\\\/hanier.markcom.dev.br\\\/#organization\",\"name\":\"Hanier\",\"url\":\"https:\\\/\\\/hanier.markcom.dev.br\\\/\",\"logo\":{\"@type\":\"ImageObject\",\"inLanguage\":\"es-ES\",\"@id\":\"https:\\\/\\\/hanier.markcom.dev.br\\\/#\\\/schema\\\/logo\\\/image\\\/\",\"url\":\"https:\\\/\\\/hanier.markcom.dev.br\\\/wp-content\\\/uploads\\\/2024\\\/12\\\/logo.svg\",\"contentUrl\":\"https:\\\/\\\/hanier.markcom.dev.br\\\/wp-content\\\/uploads\\\/2024\\\/12\\\/logo.svg\",\"width\":177,\"height\":97,\"caption\":\"Hanier\"},\"image\":{\"@id\":\"https:\\\/\\\/hanier.markcom.dev.br\\\/#\\\/schema\\\/logo\\\/image\\\/\"}}]}<\/script>\n<!-- \/ Yoast SEO plugin. -->","yoast_head_json":{"title":"Meio Ambiente - Hanier","robots":{"index":"index","follow":"follow","max-snippet":"max-snippet:-1","max-image-preview":"max-image-preview:large","max-video-preview":"max-video-preview:-1"},"canonical":"https:\/\/hanier.markcom.dev.br\/es\/meio-ambiente\/","og_locale":"es_ES","og_type":"article","og_title":"Meio Ambiente - Hanier","og_description":"Meio Ambiente Boas pr\u00e1ticas ambientais Nos empenhamos em atingir as metas ambientais e estamos comprometidos com as atividades de conserva\u00e7\u00e3o ambiental, promovendo a conscientiza\u00e7\u00e3o dos funcion\u00e1rios e a realiza\u00e7\u00e3o de boas pr\u00e1ticas ambientais. O meio ambiente agradece 100% dos res\u00edduos gerados pela empresa s\u00e3o encaminhados para destinat\u00e1rios capazes e habilitados para exercer suas atividades de [&hellip;]","og_url":"https:\/\/hanier.markcom.dev.br\/es\/meio-ambiente\/","og_site_name":"Hanier","article_modified_time":"2025-02-17T18:11:09+00:00","og_image":[{"width":1024,"height":390,"url":"https:\/\/hanier.markcom.dev.br\/wp-content\/uploads\/2024\/12\/Grupo-22-1024x390.png","type":"image\/png"}],"twitter_card":"summary_large_image","twitter_misc":{"Tiempo de lectura":"4 minutes"},"schema":{"@context":"https:\/\/schema.org","@graph":[{"@type":"WebPage","@id":"https:\/\/hanier.markcom.dev.br\/meio-ambiente\/","url":"https:\/\/hanier.markcom.dev.br\/meio-ambiente\/","name":"Meio Ambiente - Hanier","isPartOf":{"@id":"https:\/\/hanier.markcom.dev.br\/#website"},"primaryImageOfPage":{"@id":"https:\/\/hanier.markcom.dev.br\/meio-ambiente\/#primaryimage"},"image":{"@id":"https:\/\/hanier.markcom.dev.br\/meio-ambiente\/#primaryimage"},"thumbnailUrl":"https:\/\/hanier.markcom.dev.br\/wp-content\/uploads\/2024\/12\/Grupo-22.png","datePublished":"2024-12-09T18:18:58+00:00","dateModified":"2025-02-17T18:11:09+00:00","breadcrumb":{"@id":"https:\/\/hanier.markcom.dev.br\/meio-ambiente\/#breadcrumb"},"inLanguage":"es-ES","potentialAction":[{"@type":"ReadAction","target":["https:\/\/hanier.markcom.dev.br\/meio-ambiente\/"]}]},{"@type":"ImageObject","inLanguage":"es-ES","@id":"https:\/\/hanier.markcom.dev.br\/meio-ambiente\/#primaryimage","url":"https:\/\/hanier.markcom.dev.br\/wp-content\/uploads\/2024\/12\/Grupo-22.png","contentUrl":"https:\/\/hanier.markcom.dev.br\/wp-content\/uploads\/2024\/12\/Grupo-22.png","width":1920,"height":732},{"@type":"BreadcrumbList","@id":"https:\/\/hanier.markcom.dev.br\/meio-ambiente\/#breadcrumb","itemListElement":[{"@type":"ListItem","position":1,"name":"In\u00edcio","item":"https:\/\/hanier.markcom.dev.br\/"},{"@type":"ListItem","position":2,"name":"Meio Ambiente"}]},{"@type":"WebSite","@id":"https:\/\/hanier.markcom.dev.br\/#website","url":"https:\/\/hanier.markcom.dev.br\/","name":"Hanier","description":"","publisher":{"@id":"https:\/\/hanier.markcom.dev.br\/#organization"},"potentialAction":[{"@type":"SearchAction","target":{"@type":"EntryPoint","urlTemplate":"https:\/\/hanier.markcom.dev.br\/?s={search_term_string}"},"query-input":{"@type":"PropertyValueSpecification","valueRequired":true,"valueName":"search_term_string"}}],"inLanguage":"es-ES"},{"@type":"Organization","@id":"https:\/\/hanier.markcom.dev.br\/#organization","name":"Hanier","url":"https:\/\/hanier.markcom.dev.br\/","logo":{"@type":"ImageObject","inLanguage":"es-ES","@id":"https:\/\/hanier.markcom.dev.br\/#\/schema\/logo\/image\/","url":"https:\/\/hanier.markcom.dev.br\/wp-content\/uploads\/2024\/12\/logo.svg","contentUrl":"https:\/\/hanier.markcom.dev.br\/wp-content\/uploads\/2024\/12\/logo.svg","width":177,"height":97,"caption":"Hanier"},"image":{"@id":"https:\/\/hanier.markcom.dev.br\/#\/schema\/logo\/image\/"}}]}},"_links":{"self":[{"href":"https:\/\/hanier.markcom.dev.br\/es\/wp-json\/wp\/v2\/pages\/34","targetHints":{"allow":["GET"]}}],"collection":[{"href":"https:\/\/hanier.markcom.dev.br\/es\/wp-json\/wp\/v2\/pages"}],"about":[{"href":"https:\/\/hanier.markcom.dev.br\/es\/wp-json\/wp\/v2\/types\/page"}],"author":[{"embeddable":true,"href":"https:\/\/hanier.markcom.dev.br\/es\/wp-json\/wp\/v2\/users\/1"}],"replies":[{"embeddable":true,"href":"https:\/\/hanier.markcom.dev.br\/es\/wp-json\/wp\/v2\/comments?post=34"}],"version-history":[{"count":16,"href":"https:\/\/hanier.markcom.dev.br\/es\/wp-json\/wp\/v2\/pages\/34\/revisions"}],"predecessor-version":[{"id":656,"href":"https:\/\/hanier.markcom.dev.br\/es\/wp-json\/wp\/v2\/pages\/34\/revisions\/656"}],"wp:featuredmedia":[{"embeddable":true,"href":"https:\/\/hanier.markcom.dev.br\/es\/wp-json\/wp\/v2\/media\/418"}],"wp:attachment":[{"href":"https:\/\/hanier.markcom.dev.br\/es\/wp-json\/wp\/v2\/media?parent=34"}],"curies":[{"name":"wp","href":"https:\/\/api.w.org\/{rel}","templated":true}]}}